{"id":703,"date":"2024-08-14T13:02:21","date_gmt":"2024-08-14T11:02:21","guid":{"rendered":"https:\/\/azamicale09.fr\/?page_id=703"},"modified":"2026-01-31T10:16:10","modified_gmt":"2026-01-31T09:16:10","slug":"bureau-conseil-administration","status":"publish","type":"page","link":"https:\/\/azamicale09.fr\/index.php\/bureau-conseil-administration\/","title":{"rendered":"Bureau \/ Conseil administration"},"content":{"rendered":"\n<div class=\"wp-block-media-text is-stacked-on-mobile\"><figure class=\"wp-block-media-text__media\"><img loading=\"lazy\" decoding=\"async\" width=\"597\" height=\"351\" src=\"https:\/\/azamicale09.fr\/wp-content\/uploads\/2024\/08\/bureau.png\" alt=\"\" class=\"wp-image-707 size-full\" srcset=\"https:\/\/azamicale09.fr\/wp-content\/uploads\/2024\/08\/bureau.png 597w, https:\/\/azamicale09.fr\/wp-content\/uploads\/2024\/08\/bureau-300x176.png 300w, https:\/\/azamicale09.fr\/wp-content\/uploads\/2024\/08\/bureau-457x269.png 457w, https:\/\/azamicale09.fr\/wp-content\/uploads\/2024\/08\/bureau-512x300.png 512w\" sizes=\"auto, (max-width: 597px) 100vw, 597px\" \/><\/figure><div class=\"wp-block-media-text__content\">\n<p><\/p>\n\n\n\n<p>Vous y trouverez ci-dessous, les membres du bureau de notre association ainsi que les membres du Conseil d&rsquo;administration.<\/p>\n\n\n\n<p>Les Responsables v\u00e9hicules, sorties diverses, motos et local ont \u00e9t\u00e9 identifi\u00e9s en bas de cette m\u00eame page.<\/p>\n<\/div><\/div>\n\n\n\n<h2 class=\"wp-block-heading\">Membres du bureau 2026 &#8212;> Elections faites le Jeudi 29 Janvier 2026 (validit\u00e9 3 ans)<\/h2>\n\n\n\n<figure class=\"wp-block-table is-style-regular\"><table class=\"has-fixed-layout\"><tbody><tr><td><strong>PRESIDENT<\/strong><\/td><td>Guy DEJEAN<\/td><\/tr><tr><td><strong>PRESIDENT ADJOINT<\/strong><\/td><td>Jean-Marc MARIN<\/td><\/tr><tr><td><strong>TRESORIER<\/strong><\/td><td>David VITTER<\/td><\/tr><tr><td><strong>TRESORIER ADJOINT<\/strong><\/td><td>Michel BLACHERE<\/td><\/tr><tr><td><strong>SECRETAIRE<\/strong><\/td><td>Dominique GARCIA<\/td><\/tr><tr><td><strong>SECRETAIRE ADJOINT<\/strong><\/td><td>Charlotte MARIN<\/td><\/tr><\/tbody><\/table><\/figure>\n\n\n\n<h2 class=\"wp-block-heading\">Conseil administration 2026<\/h2>\n\n\n\n<figure class=\"wp-block-table\"><table class=\"has-fixed-layout\"><tbody><tr><td>Charlotte MARIN<\/td><td>Jean GUTIERREZ<\/td><\/tr><tr><td>Dominique GARCIA<\/td><td>Daniel BARRACHET<\/td><\/tr><tr><td>Christian PUJADE<\/td><td>Guy DEJEAN<\/td><\/tr><tr><td>Pascal GUYADER<\/td><td>Jean-Marc MARIN<\/td><\/tr><tr><td>Michel CLERGUE<\/td><td>Antoine HERRADA<\/td><\/tr><tr><td>Andr\u00e9 ROUJA<\/td><td>Jean-Philippe MONTIEL<\/td><\/tr><tr><td>Bernard PASCAL<\/td><td>Damien AUDEMAR<\/td><\/tr><tr><td>Myriam VITTER<\/td><td>Patricia BOYER<\/td><\/tr><tr><td>Michel BLACHERE<\/td><td>David VITTER<\/td><\/tr><tr><td>Jean-Louis SIMORRE<\/td><td>Jean-Luc PIALAT<\/td><\/tr><tr><td>Jean-Marc NIEL<\/td><td>Henri VITRANT<\/td><\/tr><\/tbody><\/table><\/figure>\n\n\n\n<p><strong>Responsables V\u00e9hicules:<\/strong> Damien AUDEMAR, David VITTER<\/p>\n\n\n\n<p><strong>Responsables Sorties:<\/strong> Michel CLERGUE, Jean-Marc NIEL<\/p>\n\n\n\n<p><strong>Responsable Local:<\/strong> Myriam VITTER<\/p>\n\n\n\n<p><strong>Responsables Sorties Motos:<\/strong> Jean-Philippe MONTIEL, Jean-Marc MARIN<\/p>\n\n\n\n<p><\/p>\n","protected":false},"excerpt":{"rendered":"<p>Vous y trouverez ci-dessous, les membres du bureau de notre association ainsi que les membres du Conseil d&rsquo;administration. Les Responsables v\u00e9hicules, sorties diverses, motos et local ont \u00e9t\u00e9 identifi\u00e9s en &hellip;<\/p>\n","protected":false},"author":1,"featured_media":0,"parent":0,"menu_order":0,"comment_status":"closed","ping_status":"closed","template":"","meta":{"footnotes":""},"class_list":["post-703","page","type-page","status-publish","hentry"],"yoast_head":"<!-- This site is optimized with the Yoast SEO plugin v27.5 - https:\/\/yoast.com\/product\/yoast-seo-wordpress\/ -->\n<title>Bureau \/ Conseil administration - AZ Amicale Pamiers (09)<\/title>\n<meta name=\"robots\" content=\"index, follow, max-snippet:-1, max-image-preview:large, max-video-preview:-1\" \/>\n<link rel=\"canonical\" href=\"https:\/\/azamicale09.fr\/index.php\/bureau-conseil-administration\/\" \/>\n<meta property=\"og:locale\" content=\"fr_FR\" \/>\n<meta property=\"og:type\" content=\"article\" \/>\n<meta property=\"og:title\" content=\"Bureau \/ Conseil administration - AZ Amicale Pamiers (09)\" \/>\n<meta property=\"og:description\" content=\"Vous y trouverez ci-dessous, les membres du bureau de notre association ainsi que les membres du Conseil d&rsquo;administration. Les Responsables v\u00e9hicules, sorties diverses, motos et local ont \u00e9t\u00e9 identifi\u00e9s en &hellip;\" \/>\n<meta property=\"og:url\" content=\"https:\/\/azamicale09.fr\/index.php\/bureau-conseil-administration\/\" \/>\n<meta property=\"og:site_name\" content=\"AZ Amicale Pamiers (09)\" \/>\n<meta property=\"article:modified_time\" content=\"2026-01-31T09:16:10+00:00\" \/>\n<meta property=\"og:image\" content=\"https:\/\/azamicale09.fr\/wp-content\/uploads\/2024\/08\/bureau.png\" \/>\n\t<meta property=\"og:image:width\" content=\"597\" \/>\n\t<meta property=\"og:image:height\" content=\"351\" \/>\n\t<meta property=\"og:image:type\" content=\"image\/png\" \/>\n<meta name=\"twitter:card\" content=\"summary_large_image\" \/>\n<meta name=\"twitter:label1\" content=\"Dur\u00e9e de lecture estim\u00e9e\" \/>\n\t<meta name=\"twitter:data1\" content=\"1 minute\" \/>\n<script type=\"application\/ld+json\" class=\"yoast-schema-graph\">{\"@context\":\"https:\\\/\\\/schema.org\",\"@graph\":[{\"@type\":\"WebPage\",\"@id\":\"https:\\\/\\\/azamicale09.fr\\\/index.php\\\/bureau-conseil-administration\\\/\",\"url\":\"https:\\\/\\\/azamicale09.fr\\\/index.php\\\/bureau-conseil-administration\\\/\",\"name\":\"Bureau \\\/ Conseil administration - AZ Amicale Pamiers (09)\",\"isPartOf\":{\"@id\":\"https:\\\/\\\/azamicale09.fr\\\/#website\"},\"primaryImageOfPage\":{\"@id\":\"https:\\\/\\\/azamicale09.fr\\\/index.php\\\/bureau-conseil-administration\\\/#primaryimage\"},\"image\":{\"@id\":\"https:\\\/\\\/azamicale09.fr\\\/index.php\\\/bureau-conseil-administration\\\/#primaryimage\"},\"thumbnailUrl\":\"https:\\\/\\\/azamicale09.fr\\\/wp-content\\\/uploads\\\/2024\\\/08\\\/bureau.png\",\"datePublished\":\"2024-08-14T11:02:21+00:00\",\"dateModified\":\"2026-01-31T09:16:10+00:00\",\"breadcrumb\":{\"@id\":\"https:\\\/\\\/azamicale09.fr\\\/index.php\\\/bureau-conseil-administration\\\/#breadcrumb\"},\"inLanguage\":\"fr-FR\",\"potentialAction\":[{\"@type\":\"ReadAction\",\"target\":[\"https:\\\/\\\/azamicale09.fr\\\/index.php\\\/bureau-conseil-administration\\\/\"]}]},{\"@type\":\"ImageObject\",\"inLanguage\":\"fr-FR\",\"@id\":\"https:\\\/\\\/azamicale09.fr\\\/index.php\\\/bureau-conseil-administration\\\/#primaryimage\",\"url\":\"https:\\\/\\\/azamicale09.fr\\\/wp-content\\\/uploads\\\/2024\\\/08\\\/bureau.png\",\"contentUrl\":\"https:\\\/\\\/azamicale09.fr\\\/wp-content\\\/uploads\\\/2024\\\/08\\\/bureau.png\",\"width\":597,\"height\":351},{\"@type\":\"BreadcrumbList\",\"@id\":\"https:\\\/\\\/azamicale09.fr\\\/index.php\\\/bureau-conseil-administration\\\/#breadcrumb\",\"itemListElement\":[{\"@type\":\"ListItem\",\"position\":1,\"name\":\"Accueil\",\"item\":\"https:\\\/\\\/azamicale09.fr\\\/\"},{\"@type\":\"ListItem\",\"position\":2,\"name\":\"Bureau \\\/ Conseil administration\"}]},{\"@type\":\"WebSite\",\"@id\":\"https:\\\/\\\/azamicale09.fr\\\/#website\",\"url\":\"https:\\\/\\\/azamicale09.fr\\\/\",\"name\":\"AZ Amicale Pamiers (09)\",\"description\":\"Rassemble des Passionn\u00e9s de v\u00e9hicules anciens\",\"publisher\":{\"@id\":\"https:\\\/\\\/azamicale09.fr\\\/#organization\"},\"potentialAction\":[{\"@type\":\"SearchAction\",\"target\":{\"@type\":\"EntryPoint\",\"urlTemplate\":\"https:\\\/\\\/azamicale09.fr\\\/?s={search_term_string}\"},\"query-input\":{\"@type\":\"PropertyValueSpecification\",\"valueRequired\":true,\"valueName\":\"search_term_string\"}}],\"inLanguage\":\"fr-FR\"},{\"@type\":\"Organization\",\"@id\":\"https:\\\/\\\/azamicale09.fr\\\/#organization\",\"name\":\"AZ Amicale Pamiers (09)\",\"url\":\"https:\\\/\\\/azamicale09.fr\\\/\",\"logo\":{\"@type\":\"ImageObject\",\"inLanguage\":\"fr-FR\",\"@id\":\"https:\\\/\\\/azamicale09.fr\\\/#\\\/schema\\\/logo\\\/image\\\/\",\"url\":\"https:\\\/\\\/azamicale09.fr\\\/wp-content\\\/uploads\\\/2024\\\/08\\\/cropped-Logo-AZA.png\",\"contentUrl\":\"https:\\\/\\\/azamicale09.fr\\\/wp-content\\\/uploads\\\/2024\\\/08\\\/cropped-Logo-AZA.png\",\"width\":310,\"height\":395,\"caption\":\"AZ Amicale Pamiers (09)\"},\"image\":{\"@id\":\"https:\\\/\\\/azamicale09.fr\\\/#\\\/schema\\\/logo\\\/image\\\/\"}}]}<\/script>\n<!-- \/ Yoast SEO plugin. -->","yoast_head_json":{"title":"Bureau \/ Conseil administration - AZ Amicale Pamiers (09)","robots":{"index":"index","follow":"follow","max-snippet":"max-snippet:-1","max-image-preview":"max-image-preview:large","max-video-preview":"max-video-preview:-1"},"canonical":"https:\/\/azamicale09.fr\/index.php\/bureau-conseil-administration\/","og_locale":"fr_FR","og_type":"article","og_title":"Bureau \/ Conseil administration - AZ Amicale Pamiers (09)","og_description":"Vous y trouverez ci-dessous, les membres du bureau de notre association ainsi que les membres du Conseil d&rsquo;administration. Les Responsables v\u00e9hicules, sorties diverses, motos et local ont \u00e9t\u00e9 identifi\u00e9s en &hellip;","og_url":"https:\/\/azamicale09.fr\/index.php\/bureau-conseil-administration\/","og_site_name":"AZ Amicale Pamiers (09)","article_modified_time":"2026-01-31T09:16:10+00:00","og_image":[{"width":597,"height":351,"url":"https:\/\/azamicale09.fr\/wp-content\/uploads\/2024\/08\/bureau.png","type":"image\/png"}],"twitter_card":"summary_large_image","twitter_misc":{"Dur\u00e9e de lecture estim\u00e9e":"1 minute"},"schema":{"@context":"https:\/\/schema.org","@graph":[{"@type":"WebPage","@id":"https:\/\/azamicale09.fr\/index.php\/bureau-conseil-administration\/","url":"https:\/\/azamicale09.fr\/index.php\/bureau-conseil-administration\/","name":"Bureau \/ Conseil administration - AZ Amicale Pamiers (09)","isPartOf":{"@id":"https:\/\/azamicale09.fr\/#website"},"primaryImageOfPage":{"@id":"https:\/\/azamicale09.fr\/index.php\/bureau-conseil-administration\/#primaryimage"},"image":{"@id":"https:\/\/azamicale09.fr\/index.php\/bureau-conseil-administration\/#primaryimage"},"thumbnailUrl":"https:\/\/azamicale09.fr\/wp-content\/uploads\/2024\/08\/bureau.png","datePublished":"2024-08-14T11:02:21+00:00","dateModified":"2026-01-31T09:16:10+00:00","breadcrumb":{"@id":"https:\/\/azamicale09.fr\/index.php\/bureau-conseil-administration\/#breadcrumb"},"inLanguage":"fr-FR","potentialAction":[{"@type":"ReadAction","target":["https:\/\/azamicale09.fr\/index.php\/bureau-conseil-administration\/"]}]},{"@type":"ImageObject","inLanguage":"fr-FR","@id":"https:\/\/azamicale09.fr\/index.php\/bureau-conseil-administration\/#primaryimage","url":"https:\/\/azamicale09.fr\/wp-content\/uploads\/2024\/08\/bureau.png","contentUrl":"https:\/\/azamicale09.fr\/wp-content\/uploads\/2024\/08\/bureau.png","width":597,"height":351},{"@type":"BreadcrumbList","@id":"https:\/\/azamicale09.fr\/index.php\/bureau-conseil-administration\/#breadcrumb","itemListElement":[{"@type":"ListItem","position":1,"name":"Accueil","item":"https:\/\/azamicale09.fr\/"},{"@type":"ListItem","position":2,"name":"Bureau \/ Conseil administration"}]},{"@type":"WebSite","@id":"https:\/\/azamicale09.fr\/#website","url":"https:\/\/azamicale09.fr\/","name":"AZ Amicale Pamiers (09)","description":"Rassemble des Passionn\u00e9s de v\u00e9hicules anciens","publisher":{"@id":"https:\/\/azamicale09.fr\/#organization"},"potentialAction":[{"@type":"SearchAction","target":{"@type":"EntryPoint","urlTemplate":"https:\/\/azamicale09.fr\/?s={search_term_string}"},"query-input":{"@type":"PropertyValueSpecification","valueRequired":true,"valueName":"search_term_string"}}],"inLanguage":"fr-FR"},{"@type":"Organization","@id":"https:\/\/azamicale09.fr\/#organization","name":"AZ Amicale Pamiers (09)","url":"https:\/\/azamicale09.fr\/","logo":{"@type":"ImageObject","inLanguage":"fr-FR","@id":"https:\/\/azamicale09.fr\/#\/schema\/logo\/image\/","url":"https:\/\/azamicale09.fr\/wp-content\/uploads\/2024\/08\/cropped-Logo-AZA.png","contentUrl":"https:\/\/azamicale09.fr\/wp-content\/uploads\/2024\/08\/cropped-Logo-AZA.png","width":310,"height":395,"caption":"AZ Amicale Pamiers (09)"},"image":{"@id":"https:\/\/azamicale09.fr\/#\/schema\/logo\/image\/"}}]}},"_links":{"self":[{"href":"https:\/\/azamicale09.fr\/index.php\/wp-json\/wp\/v2\/pages\/703","targetHints":{"allow":["GET"]}}],"collection":[{"href":"https:\/\/azamicale09.fr\/index.php\/wp-json\/wp\/v2\/pages"}],"about":[{"href":"https:\/\/azamicale09.fr\/index.php\/wp-json\/wp\/v2\/types\/page"}],"author":[{"embeddable":true,"href":"https:\/\/azamicale09.fr\/index.php\/wp-json\/wp\/v2\/users\/1"}],"replies":[{"embeddable":true,"href":"https:\/\/azamicale09.fr\/index.php\/wp-json\/wp\/v2\/comments?post=703"}],"version-history":[{"count":20,"href":"https:\/\/azamicale09.fr\/index.php\/wp-json\/wp\/v2\/pages\/703\/revisions"}],"predecessor-version":[{"id":1108,"href":"https:\/\/azamicale09.fr\/index.php\/wp-json\/wp\/v2\/pages\/703\/revisions\/1108"}],"wp:attachment":[{"href":"https:\/\/azamicale09.fr\/index.php\/wp-json\/wp\/v2\/media?parent=703"}],"curies":[{"name":"wp","href":"https:\/\/api.w.org\/{rel}","templated":true}]}}